{"id":107,"date":"2024-11-18T10:25:24","date_gmt":"2024-11-18T09:25:24","guid":{"rendered":"https:\/\/massivart.de\/magazin\/?page_id=107"},"modified":"2025-10-01T13:43:28","modified_gmt":"2025-10-01T11:43:28","slug":"einrichtungsideen","status":"publish","type":"page","link":"https:\/\/massivart.de\/magazin\/einrichtungsideen\/","title":{"rendered":"Einrichtungsideen"},"content":{"rendered":"\t\t<div data-elementor-type=\"wp-page\" data-elementor-id=\"107\" class=\"elementor elementor-107\" data-elementor-post-type=\"page\">\n\t\t\t\t\t\t<section class=\"elementor-section elementor-top-section elementor-element elementor-element-7925772f elementor-section-full_width elementor-section-height-default elementor-section-height-default\" data-id=\"7925772f\" data-element_type=\"section\" data-e-type=\"section\">\n\t\t\t\t\t\t<div class=\"elementor-container elementor-column-gap-no\">\n\t\t\t\t\t<div class=\"elementor-column elementor-col-100 elementor-top-column elementor-element elementor-element-72098e7e\" data-id=\"72098e7e\" data-element_type=\"column\" data-e-type=\"column\" data-settings=\"{&quot;background_background&quot;:&quot;classic&quot;,&quot;background_motion_fx_motion_fx_scrolling&quot;:&quot;yes&quot;,&quot;background_motion_fx_devices&quot;:[&quot;desktop&quot;,&quot;tablet&quot;,&quot;mobile&quot;]}\">\n\t\t\t<div class=\"elementor-widget-wrap elementor-element-populated\">\n\t\t\t\t\t\t\t<\/div>\n\t\t<\/div>\n\t\t\t\t\t<\/div>\n\t\t<\/section>\n\t\t<div class=\"elementor-element elementor-element-b0f4494 e-flex e-con-boxed e-con e-parent\" data-id=\"b0f4494\" data-element_type=\"container\" data-e-type=\"container\">\n\t\t\t\t\t<div class=\"e-con-inner\">\n\t\t\t\t<div class=\"elementor-element elementor-element-a378b0e elementor-widget elementor-widget-global elementor-global-608 elementor-widget-html\" data-id=\"a378b0e\" data-element_type=\"widget\" data-e-type=\"widget\" data-widget_type=\"html.default\">\n\t\t\t\t<div class=\"elementor-widget-container\">\n\t\t\t\t\t<nav aria-label=\"breadcrumbs\" class=\"rank-math-breadcrumb\"><p><span class=\"last\">Home<\/span><\/p><\/nav>\t\t\t\t<\/div>\n\t\t\t\t<\/div>\n\t\t\t\t\t<\/div>\n\t\t\t\t<\/div>\n\t\t\t\t<section class=\"elementor-section elementor-top-section elementor-element elementor-element-1cf4fc3c elementor-section-boxed elementor-section-height-default elementor-section-height-default\" data-id=\"1cf4fc3c\" data-element_type=\"section\" data-e-type=\"section\">\n\t\t\t\t\t\t<div class=\"elementor-container elementor-column-gap-wide\">\n\t\t\t\t\t<div class=\"elementor-column elementor-col-100 elementor-top-column elementor-element elementor-element-5ccf5339\" data-id=\"5ccf5339\" data-element_type=\"column\" data-e-type=\"column\">\n\t\t\t<div class=\"elementor-widget-wrap elementor-element-populated\">\n\t\t\t\t\t\t<div class=\"elementor-element elementor-element-4f5793f3 elementor-posts--align-left elementor-grid-3 elementor-grid-tablet-2 elementor-grid-mobile-1 elementor-posts--thumbnail-top elementor-posts__hover-gradient elementor-widget elementor-widget-posts\" data-id=\"4f5793f3\" data-element_type=\"widget\" data-e-type=\"widget\" data-settings=\"{&quot;pagination_type&quot;:&quot;numbers&quot;,&quot;cards_columns&quot;:&quot;3&quot;,&quot;cards_columns_tablet&quot;:&quot;2&quot;,&quot;cards_columns_mobile&quot;:&quot;1&quot;,&quot;cards_row_gap&quot;:{&quot;unit&quot;:&quot;px&quot;,&quot;size&quot;:35,&quot;sizes&quot;:[]},&quot;cards_row_gap_tablet&quot;:{&quot;unit&quot;:&quot;px&quot;,&quot;size&quot;:&quot;&quot;,&quot;sizes&quot;:[]},&quot;cards_row_gap_mobile&quot;:{&quot;unit&quot;:&quot;px&quot;,&quot;size&quot;:&quot;&quot;,&quot;sizes&quot;:[]}}\" data-widget_type=\"posts.cards\">\n\t\t\t\t<div class=\"elementor-widget-container\">\n\t\t\t\t\t\t\t<div class=\"elementor-posts-container elementor-posts elementor-posts--skin-cards elementor-grid\" role=\"list\">\n\t\t\t\t<article class=\"elementor-post elementor-grid-item post-3511 post type-post status-publish format-standard has-post-thumbnail hentry category-allgemein category-einrichtungsideen category-wohnen\" role=\"listitem\">\n\t\t\t<div class=\"elementor-post__card\">\n\t\t\t\t<a class=\"elementor-post__thumbnail__link\" href=\"https:\/\/massivart.de\/magazin\/fruehlingshafte-wohnideen-massivholz\/\" tabindex=\"-1\"><div class=\"elementor-post__thumbnail\"><img fetchpriority=\"high\" decoding=\"async\" width=\"800\" height=\"286\" src=\"https:\/\/massivart.de\/magazin\/wp-content\/uploads\/2026\/03\/fruehling-wohnideen-massivholz-wohnzimmer-massivart-1024x366.jpg\" class=\"attachment-large size-large wp-image-3512\" alt=\"Fr\u00fchlingshafte Wohnideen mit Massivholz: massivArt erkl\u00e4rt, wie Sie Ihr Wohnzimmer einfach umstylen.\" srcset=\"https:\/\/massivart.de\/magazin\/wp-content\/uploads\/2026\/03\/fruehling-wohnideen-massivholz-wohnzimmer-massivart-1024x366.jpg 1024w, https:\/\/massivart.de\/magazin\/wp-content\/uploads\/2026\/03\/fruehling-wohnideen-massivholz-wohnzimmer-massivart-300x107.jpg 300w, https:\/\/massivart.de\/magazin\/wp-content\/uploads\/2026\/03\/fruehling-wohnideen-massivholz-wohnzimmer-massivart-768x274.jpg 768w, https:\/\/massivart.de\/magazin\/wp-content\/uploads\/2026\/03\/fruehling-wohnideen-massivholz-wohnzimmer-massivart.jpg 1120w\" sizes=\"(max-width: 800px) 100vw, 800px\" \/><\/div><\/a>\n\t\t\t\t<div class=\"elementor-post__text\">\n\t\t\t\t<h3 class=\"elementor-post__title\">\n\t\t\t<a href=\"https:\/\/massivart.de\/magazin\/fruehlingshafte-wohnideen-massivholz\/\">\n\t\t\t\tFr\u00fchlingshafte Wohnideen mit Massivholz: Wohnzimmer mit wenig Aufwand umstylen\t\t\t<\/a>\n\t\t<\/h3>\n\t\t\t\t<div class=\"elementor-post__excerpt\">\n\t\t\t<p>Der Fr\u00fchling macht etwas mit uns: Pl\u00f6tzlich wirkt das Wohnzimmer schwer, die Wintertextilien zu dicht<\/p>\n\t\t<\/div>\n\t\t\n\t\t<a class=\"elementor-post__read-more\" href=\"https:\/\/massivart.de\/magazin\/fruehlingshafte-wohnideen-massivholz\/\" aria-label=\"Mehr \u00fcber Fr\u00fchlingshafte Wohnideen mit Massivholz: Wohnzimmer mit wenig Aufwand umstylen\" tabindex=\"-1\">\n\t\t\tWeiterlesen \u00bb\t\t<\/a>\n\n\t\t\t\t<\/div>\n\t\t\t\t\t<\/div>\n\t\t<\/article>\n\t\t\t\t<article class=\"elementor-post elementor-grid-item post-3417 post type-post status-publish format-standard has-post-thumbnail hentry category-einrichtungsideen category-allgemein\" role=\"listitem\">\n\t\t\t<div class=\"elementor-post__card\">\n\t\t\t\t<a class=\"elementor-post__thumbnail__link\" href=\"https:\/\/massivart.de\/magazin\/boho-chic-mit-massivholz\/\" tabindex=\"-1\"><div class=\"elementor-post__thumbnail\"><img decoding=\"async\" width=\"800\" height=\"286\" src=\"https:\/\/massivart.de\/magazin\/wp-content\/uploads\/2026\/02\/boho-chic-massivholzmoebel-massivart-1024x366.jpg\" class=\"attachment-large size-large wp-image-3418\" alt=\"Einrichten im Boho Style. Boho Chic mit Massivholzm\u00f6beln von Massivart realisieren.\" srcset=\"https:\/\/massivart.de\/magazin\/wp-content\/uploads\/2026\/02\/boho-chic-massivholzmoebel-massivart-1024x366.jpg 1024w, https:\/\/massivart.de\/magazin\/wp-content\/uploads\/2026\/02\/boho-chic-massivholzmoebel-massivart-300x107.jpg 300w, https:\/\/massivart.de\/magazin\/wp-content\/uploads\/2026\/02\/boho-chic-massivholzmoebel-massivart-768x274.jpg 768w, https:\/\/massivart.de\/magazin\/wp-content\/uploads\/2026\/02\/boho-chic-massivholzmoebel-massivart.jpg 1120w\" sizes=\"(max-width: 800px) 100vw, 800px\" \/><\/div><\/a>\n\t\t\t\t<div class=\"elementor-post__text\">\n\t\t\t\t<h3 class=\"elementor-post__title\">\n\t\t\t<a href=\"https:\/\/massivart.de\/magazin\/boho-chic-mit-massivholz\/\">\n\t\t\t\tBoho Chic mit Massivholz: Die besten Einrichtungs-Kombis im \u00dcberblick\t\t\t<\/a>\n\t\t<\/h3>\n\t\t\t\t<div class=\"elementor-post__excerpt\">\n\t\t\t<p>Scandi-Boho ist die ruhige, erwachsene Seite von Boho chic: nat\u00fcrlich, hell, texturreicher als klassisches Skandi<\/p>\n\t\t<\/div>\n\t\t\n\t\t<a class=\"elementor-post__read-more\" href=\"https:\/\/massivart.de\/magazin\/boho-chic-mit-massivholz\/\" aria-label=\"Mehr \u00fcber Boho Chic mit Massivholz: Die besten Einrichtungs-Kombis im \u00dcberblick\" tabindex=\"-1\">\n\t\t\tWeiterlesen \u00bb\t\t<\/a>\n\n\t\t\t\t<\/div>\n\t\t\t\t\t<\/div>\n\t\t<\/article>\n\t\t\t\t<article class=\"elementor-post elementor-grid-item post-3334 post type-post status-publish format-standard has-post-thumbnail hentry category-allgemein category-einrichtungsideen category-wohnen\" role=\"listitem\">\n\t\t\t<div class=\"elementor-post__card\">\n\t\t\t\t<a class=\"elementor-post__thumbnail__link\" href=\"https:\/\/massivart.de\/magazin\/neujahrsvorsaetze-fuer-ihr-zuhause-wohnideen-2026-fuer-mehr-wohlbefinden\/\" tabindex=\"-1\"><div class=\"elementor-post__thumbnail\"><img decoding=\"async\" width=\"800\" height=\"286\" src=\"https:\/\/massivart.de\/magazin\/wp-content\/uploads\/2025\/12\/neujahrvorsaetze-2026-banner-massivart-1024x366.jpg\" class=\"attachment-large size-large wp-image-3363\" alt=\"Wohntrends 2026 MassivArt\" srcset=\"https:\/\/massivart.de\/magazin\/wp-content\/uploads\/2025\/12\/neujahrvorsaetze-2026-banner-massivart-1024x366.jpg 1024w, https:\/\/massivart.de\/magazin\/wp-content\/uploads\/2025\/12\/neujahrvorsaetze-2026-banner-massivart-300x107.jpg 300w, https:\/\/massivart.de\/magazin\/wp-content\/uploads\/2025\/12\/neujahrvorsaetze-2026-banner-massivart-768x274.jpg 768w, https:\/\/massivart.de\/magazin\/wp-content\/uploads\/2025\/12\/neujahrvorsaetze-2026-banner-massivart.jpg 1120w\" sizes=\"(max-width: 800px) 100vw, 800px\" \/><\/div><\/a>\n\t\t\t\t<div class=\"elementor-post__text\">\n\t\t\t\t<h3 class=\"elementor-post__title\">\n\t\t\t<a href=\"https:\/\/massivart.de\/magazin\/neujahrsvorsaetze-fuer-ihr-zuhause-wohnideen-2026-fuer-mehr-wohlbefinden\/\">\n\t\t\t\tNeujahrsvors\u00e4tze f\u00fcr Ihr Zuhause: Wohnideen 2026 f\u00fcr mehr Wohlbefinden\t\t\t<\/a>\n\t\t<\/h3>\n\t\t\t\t<div class=\"elementor-post__excerpt\">\n\t\t\t<p>Wenn das neue Jahr beginnt, sind Neujahrs-Vors\u00e4tze Zuhause eine wunderbare Gelegenheit, frischen Wind in das<\/p>\n\t\t<\/div>\n\t\t\n\t\t<a class=\"elementor-post__read-more\" href=\"https:\/\/massivart.de\/magazin\/neujahrsvorsaetze-fuer-ihr-zuhause-wohnideen-2026-fuer-mehr-wohlbefinden\/\" aria-label=\"Mehr \u00fcber Neujahrsvors\u00e4tze f\u00fcr Ihr Zuhause: Wohnideen 2026 f\u00fcr mehr Wohlbefinden\" tabindex=\"-1\">\n\t\t\tWeiterlesen \u00bb\t\t<\/a>\n\n\t\t\t\t<\/div>\n\t\t\t\t\t<\/div>\n\t\t<\/article>\n\t\t\t\t<article class=\"elementor-post elementor-grid-item post-3134 post type-post status-publish format-standard has-post-thumbnail hentry category-allgemein category-einrichtungsideen\" role=\"listitem\">\n\t\t\t<div class=\"elementor-post__card\">\n\t\t\t\t<a class=\"elementor-post__thumbnail__link\" href=\"https:\/\/massivart.de\/magazin\/herbstdeko-aus-massivholz-natuerliche-wohnideen-fuer-die-gemuetliche-jahreszeit\/\" tabindex=\"-1\"><div class=\"elementor-post__thumbnail\"><img loading=\"lazy\" decoding=\"async\" width=\"800\" height=\"286\" src=\"https:\/\/massivart.de\/magazin\/wp-content\/uploads\/2025\/10\/herbstdeko-massivholz-banner-massivart-1024x366.jpg\" class=\"attachment-large size-large wp-image-3135\" alt=\"Herbstdeko aus Massivholz entdecken bei MassivArt\" srcset=\"https:\/\/massivart.de\/magazin\/wp-content\/uploads\/2025\/10\/herbstdeko-massivholz-banner-massivart-1024x366.jpg 1024w, https:\/\/massivart.de\/magazin\/wp-content\/uploads\/2025\/10\/herbstdeko-massivholz-banner-massivart-300x107.jpg 300w, https:\/\/massivart.de\/magazin\/wp-content\/uploads\/2025\/10\/herbstdeko-massivholz-banner-massivart-768x274.jpg 768w, https:\/\/massivart.de\/magazin\/wp-content\/uploads\/2025\/10\/herbstdeko-massivholz-banner-massivart.jpg 1120w\" sizes=\"(max-width: 800px) 100vw, 800px\" \/><\/div><\/a>\n\t\t\t\t<div class=\"elementor-post__text\">\n\t\t\t\t<h3 class=\"elementor-post__title\">\n\t\t\t<a href=\"https:\/\/massivart.de\/magazin\/herbstdeko-aus-massivholz-natuerliche-wohnideen-fuer-die-gemuetliche-jahreszeit\/\">\n\t\t\t\tHerbstdeko aus Massivholz \u2013 Nat\u00fcrliche Wohnideen f\u00fcr die gem\u00fctliche Jahreszeit\t\t\t<\/a>\n\t\t<\/h3>\n\t\t\t\t<div class=\"elementor-post__excerpt\">\n\t\t\t<p>Lassen Sie sich inspirieren und gestalten Sie Ihr Zuhause in diesem Herbst ganz neu<\/p>\n\t\t<\/div>\n\t\t\n\t\t<a class=\"elementor-post__read-more\" href=\"https:\/\/massivart.de\/magazin\/herbstdeko-aus-massivholz-natuerliche-wohnideen-fuer-die-gemuetliche-jahreszeit\/\" aria-label=\"Mehr \u00fcber Herbstdeko aus Massivholz \u2013 Nat\u00fcrliche Wohnideen f\u00fcr die gem\u00fctliche Jahreszeit\" tabindex=\"-1\">\n\t\t\tWeiterlesen \u00bb\t\t<\/a>\n\n\t\t\t\t<\/div>\n\t\t\t\t\t<\/div>\n\t\t<\/article>\n\t\t\t\t<article class=\"elementor-post elementor-grid-item post-3101 post type-post status-publish format-standard has-post-thumbnail hentry category-allgemein category-einrichtungsideen\" role=\"listitem\">\n\t\t\t<div class=\"elementor-post__card\">\n\t\t\t\t<a class=\"elementor-post__thumbnail__link\" href=\"https:\/\/massivart.de\/magazin\/technik-smart-home-komfort\/\" tabindex=\"-1\"><div class=\"elementor-post__thumbnail\"><img loading=\"lazy\" decoding=\"async\" width=\"800\" height=\"286\" src=\"https:\/\/massivart.de\/magazin\/wp-content\/uploads\/2025\/09\/technik-trifft-massivholz-banner-massivart-1024x366.jpg\" class=\"attachment-large size-large wp-image-3104\" alt=\"Smart Home trifft auf Massivholzm\u00f6bel MassivArt\" srcset=\"https:\/\/massivart.de\/magazin\/wp-content\/uploads\/2025\/09\/technik-trifft-massivholz-banner-massivart-1024x366.jpg 1024w, https:\/\/massivart.de\/magazin\/wp-content\/uploads\/2025\/09\/technik-trifft-massivholz-banner-massivart-300x107.jpg 300w, https:\/\/massivart.de\/magazin\/wp-content\/uploads\/2025\/09\/technik-trifft-massivholz-banner-massivart-768x274.jpg 768w, https:\/\/massivart.de\/magazin\/wp-content\/uploads\/2025\/09\/technik-trifft-massivholz-banner-massivart.jpg 1120w\" sizes=\"(max-width: 800px) 100vw, 800px\" \/><\/div><\/a>\n\t\t\t\t<div class=\"elementor-post__text\">\n\t\t\t\t<h3 class=\"elementor-post__title\">\n\t\t\t<a href=\"https:\/\/massivart.de\/magazin\/technik-smart-home-komfort\/\">\n\t\t\t\tTechnik &amp; Smart Home \u2013 Komfort trifft auf Nat\u00fcrlichkeit\t\t\t<\/a>\n\t\t<\/h3>\n\t\t\t\t<div class=\"elementor-post__excerpt\">\n\t\t\t<p>Die Verbindung von moderner Technik mit einem gem\u00fctlichen Zuhause klingt oft nach einem Widerspruch. Doch<\/p>\n\t\t<\/div>\n\t\t\n\t\t<a class=\"elementor-post__read-more\" href=\"https:\/\/massivart.de\/magazin\/technik-smart-home-komfort\/\" aria-label=\"Mehr \u00fcber Technik &amp; Smart Home \u2013 Komfort trifft auf Nat\u00fcrlichkeit\" tabindex=\"-1\">\n\t\t\tWeiterlesen \u00bb\t\t<\/a>\n\n\t\t\t\t<\/div>\n\t\t\t\t\t<\/div>\n\t\t<\/article>\n\t\t\t\t<article class=\"elementor-post elementor-grid-item post-3031 post type-post status-publish format-standard has-post-thumbnail hentry category-allgemein category-einrichtungsideen\" role=\"listitem\">\n\t\t\t<div class=\"elementor-post__card\">\n\t\t\t\t<a class=\"elementor-post__thumbnail__link\" href=\"https:\/\/massivart.de\/magazin\/cord-im-interior-design\/\" tabindex=\"-1\"><div class=\"elementor-post__thumbnail\"><img loading=\"lazy\" decoding=\"async\" width=\"800\" height=\"286\" src=\"https:\/\/massivart.de\/magazin\/wp-content\/uploads\/2025\/09\/cord-interior-design-massivart-1024x366.jpg\" class=\"attachment-large size-large wp-image-3034\" alt=\"Cord im Interior Design\" srcset=\"https:\/\/massivart.de\/magazin\/wp-content\/uploads\/2025\/09\/cord-interior-design-massivart-1024x366.jpg 1024w, https:\/\/massivart.de\/magazin\/wp-content\/uploads\/2025\/09\/cord-interior-design-massivart-300x107.jpg 300w, https:\/\/massivart.de\/magazin\/wp-content\/uploads\/2025\/09\/cord-interior-design-massivart-768x274.jpg 768w, https:\/\/massivart.de\/magazin\/wp-content\/uploads\/2025\/09\/cord-interior-design-massivart.jpg 1120w\" sizes=\"(max-width: 800px) 100vw, 800px\" \/><\/div><\/a>\n\t\t\t\t<div class=\"elementor-post__text\">\n\t\t\t\t<h3 class=\"elementor-post__title\">\n\t\t\t<a href=\"https:\/\/massivart.de\/magazin\/cord-im-interior-design\/\">\n\t\t\t\tCord im Interior Design: Retro-Chic trifft Moderne\t\t\t<\/a>\n\t\t<\/h3>\n\t\t\t\t<div class=\"elementor-post__excerpt\">\n\t\t\t<p>Cord im Interior Design: Retro-Chic trifft Moderne Cord hat in den letzten Jahren ein echtes<\/p>\n\t\t<\/div>\n\t\t\n\t\t<a class=\"elementor-post__read-more\" href=\"https:\/\/massivart.de\/magazin\/cord-im-interior-design\/\" aria-label=\"Mehr \u00fcber Cord im Interior Design: Retro-Chic trifft Moderne\" tabindex=\"-1\">\n\t\t\tWeiterlesen \u00bb\t\t<\/a>\n\n\t\t\t\t<\/div>\n\t\t\t\t\t<\/div>\n\t\t<\/article>\n\t\t\t\t<article class=\"elementor-post elementor-grid-item post-2951 post type-post status-publish format-standard has-post-thumbnail hentry category-allgemein category-einrichtungsideen\" role=\"listitem\">\n\t\t\t<div class=\"elementor-post__card\">\n\t\t\t\t<a class=\"elementor-post__thumbnail__link\" href=\"https:\/\/massivart.de\/magazin\/schlafzimmer-aus-massivholz-von-bettgestell-bis-kommode\/\" tabindex=\"-1\"><div class=\"elementor-post__thumbnail\"><img loading=\"lazy\" decoding=\"async\" width=\"800\" height=\"286\" src=\"https:\/\/massivart.de\/magazin\/wp-content\/uploads\/2025\/07\/massivholz-schlafzimmer-banner-massivart-1024x366.jpg\" class=\"attachment-large size-large wp-image-2952\" alt=\"\" srcset=\"https:\/\/massivart.de\/magazin\/wp-content\/uploads\/2025\/07\/massivholz-schlafzimmer-banner-massivart-1024x366.jpg 1024w, https:\/\/massivart.de\/magazin\/wp-content\/uploads\/2025\/07\/massivholz-schlafzimmer-banner-massivart-300x107.jpg 300w, https:\/\/massivart.de\/magazin\/wp-content\/uploads\/2025\/07\/massivholz-schlafzimmer-banner-massivart-768x274.jpg 768w, https:\/\/massivart.de\/magazin\/wp-content\/uploads\/2025\/07\/massivholz-schlafzimmer-banner-massivart.jpg 1120w\" sizes=\"(max-width: 800px) 100vw, 800px\" \/><\/div><\/a>\n\t\t\t\t<div class=\"elementor-post__text\">\n\t\t\t\t<h3 class=\"elementor-post__title\">\n\t\t\t<a href=\"https:\/\/massivart.de\/magazin\/schlafzimmer-aus-massivholz-von-bettgestell-bis-kommode\/\">\n\t\t\t\tSchlafzimmer aus Massivholz \u2013 von Bettgestell bis Kommode\t\t\t<\/a>\n\t\t<\/h3>\n\t\t\t\t<div class=\"elementor-post__excerpt\">\n\t\t\t<p>Ein Schlafzimmer aus Massivholz ist weit mehr als nur ein Raum zum Schlafen \u2013 es ist ein R\u00fcckzugsort<\/p>\n\t\t<\/div>\n\t\t\n\t\t<a class=\"elementor-post__read-more\" href=\"https:\/\/massivart.de\/magazin\/schlafzimmer-aus-massivholz-von-bettgestell-bis-kommode\/\" aria-label=\"Mehr \u00fcber Schlafzimmer aus Massivholz \u2013 von Bettgestell bis Kommode\" tabindex=\"-1\">\n\t\t\tWeiterlesen \u00bb\t\t<\/a>\n\n\t\t\t\t<\/div>\n\t\t\t\t\t<\/div>\n\t\t<\/article>\n\t\t\t\t<article class=\"elementor-post elementor-grid-item post-2900 post type-post status-publish format-standard has-post-thumbnail hentry category-allgemein category-einrichtungsideen\" role=\"listitem\">\n\t\t\t<div class=\"elementor-post__card\">\n\t\t\t\t<a class=\"elementor-post__thumbnail__link\" href=\"https:\/\/massivart.de\/magazin\/massivholz-im-buero-einzigartige-einrichtungstrends-entdecken\/\" tabindex=\"-1\"><div class=\"elementor-post__thumbnail\"><img loading=\"lazy\" decoding=\"async\" width=\"800\" height=\"286\" src=\"https:\/\/massivart.de\/magazin\/wp-content\/uploads\/2025\/07\/massivholz-buero-banner-massivart-1024x366.jpg\" class=\"attachment-large size-large wp-image-2903\" alt=\"Banner MAssivholzm\u00f6bel im B\u00fcro\" srcset=\"https:\/\/massivart.de\/magazin\/wp-content\/uploads\/2025\/07\/massivholz-buero-banner-massivart-1024x366.jpg 1024w, https:\/\/massivart.de\/magazin\/wp-content\/uploads\/2025\/07\/massivholz-buero-banner-massivart-300x107.jpg 300w, https:\/\/massivart.de\/magazin\/wp-content\/uploads\/2025\/07\/massivholz-buero-banner-massivart-768x274.jpg 768w, https:\/\/massivart.de\/magazin\/wp-content\/uploads\/2025\/07\/massivholz-buero-banner-massivart.jpg 1120w\" sizes=\"(max-width: 800px) 100vw, 800px\" \/><\/div><\/a>\n\t\t\t\t<div class=\"elementor-post__text\">\n\t\t\t\t<h3 class=\"elementor-post__title\">\n\t\t\t<a href=\"https:\/\/massivart.de\/magazin\/massivholz-im-buero-einzigartige-einrichtungstrends-entdecken\/\">\n\t\t\t\tMassivholz im B\u00fcro: einzigartige Einrichtungstrends entdecken\t\t\t<\/a>\n\t\t<\/h3>\n\t\t\t\t<div class=\"elementor-post__excerpt\">\n\t\t\t<p>Erfahren Sie, wie Sie mit nat\u00fcrlicher W\u00e4rme und Wohnlichkeit Ihre Arbeitswelt angenehmer gestalten.<\/p>\n\t\t<\/div>\n\t\t\n\t\t<a class=\"elementor-post__read-more\" href=\"https:\/\/massivart.de\/magazin\/massivholz-im-buero-einzigartige-einrichtungstrends-entdecken\/\" aria-label=\"Mehr \u00fcber Massivholz im B\u00fcro: einzigartige Einrichtungstrends entdecken\" tabindex=\"-1\">\n\t\t\tWeiterlesen \u00bb\t\t<\/a>\n\n\t\t\t\t<\/div>\n\t\t\t\t\t<\/div>\n\t\t<\/article>\n\t\t\t\t<article class=\"elementor-post elementor-grid-item post-2761 post type-post status-publish format-standard has-post-thumbnail hentry category-allgemein category-einrichtungsideen\" role=\"listitem\">\n\t\t\t<div class=\"elementor-post__card\">\n\t\t\t\t<a class=\"elementor-post__thumbnail__link\" href=\"https:\/\/massivart.de\/magazin\/kleine-raeume-grosse-wirkung\/\" tabindex=\"-1\"><div class=\"elementor-post__thumbnail\"><img loading=\"lazy\" decoding=\"async\" width=\"800\" height=\"286\" src=\"https:\/\/massivart.de\/magazin\/wp-content\/uploads\/2025\/06\/kleine-raeume-banner-massivart-1-1024x366.jpg\" class=\"attachment-large size-large wp-image-2879\" alt=\"\" srcset=\"https:\/\/massivart.de\/magazin\/wp-content\/uploads\/2025\/06\/kleine-raeume-banner-massivart-1-1024x366.jpg 1024w, https:\/\/massivart.de\/magazin\/wp-content\/uploads\/2025\/06\/kleine-raeume-banner-massivart-1-300x107.jpg 300w, https:\/\/massivart.de\/magazin\/wp-content\/uploads\/2025\/06\/kleine-raeume-banner-massivart-1-768x274.jpg 768w, https:\/\/massivart.de\/magazin\/wp-content\/uploads\/2025\/06\/kleine-raeume-banner-massivart-1.jpg 1120w\" sizes=\"(max-width: 800px) 100vw, 800px\" \/><\/div><\/a>\n\t\t\t\t<div class=\"elementor-post__text\">\n\t\t\t\t<h3 class=\"elementor-post__title\">\n\t\t\t<a href=\"https:\/\/massivart.de\/magazin\/kleine-raeume-grosse-wirkung\/\">\n\t\t\t\tKleine R\u00e4ume, gro\u00dfe Wirkung\t\t\t<\/a>\n\t\t<\/h3>\n\t\t\t\t<div class=\"elementor-post__excerpt\">\n\t\t\t<p>Individuelle Tipps f\u00fcr die Einrichtung kompakter Wohnbereiche\u200b.<\/p>\n\t\t<\/div>\n\t\t\n\t\t<a class=\"elementor-post__read-more\" href=\"https:\/\/massivart.de\/magazin\/kleine-raeume-grosse-wirkung\/\" aria-label=\"Mehr \u00fcber Kleine R\u00e4ume, gro\u00dfe Wirkung\" tabindex=\"-1\">\n\t\t\tWeiterlesen \u00bb\t\t<\/a>\n\n\t\t\t\t<\/div>\n\t\t\t\t\t<\/div>\n\t\t<\/article>\n\t\t\t\t<article class=\"elementor-post elementor-grid-item post-2426 post type-post status-publish format-standard has-post-thumbnail hentry category-allgemein category-einrichtungsideen\" role=\"listitem\">\n\t\t\t<div class=\"elementor-post__card\">\n\t\t\t\t<a class=\"elementor-post__thumbnail__link\" href=\"https:\/\/massivart.de\/magazin\/polstermobel-die-besten-tipps-und-tricks\/\" tabindex=\"-1\"><div class=\"elementor-post__thumbnail\"><img loading=\"lazy\" decoding=\"async\" width=\"800\" height=\"286\" src=\"https:\/\/massivart.de\/magazin\/wp-content\/uploads\/2025\/05\/polstermoebel-banner-massivart-1-1024x366.jpg\" class=\"attachment-large size-large wp-image-2575\" alt=\"Polsterm\u00f6bel Banner MassivArt\" srcset=\"https:\/\/massivart.de\/magazin\/wp-content\/uploads\/2025\/05\/polstermoebel-banner-massivart-1-1024x366.jpg 1024w, https:\/\/massivart.de\/magazin\/wp-content\/uploads\/2025\/05\/polstermoebel-banner-massivart-1-300x107.jpg 300w, https:\/\/massivart.de\/magazin\/wp-content\/uploads\/2025\/05\/polstermoebel-banner-massivart-1-768x274.jpg 768w, https:\/\/massivart.de\/magazin\/wp-content\/uploads\/2025\/05\/polstermoebel-banner-massivart-1.jpg 1120w\" sizes=\"(max-width: 800px) 100vw, 800px\" \/><\/div><\/a>\n\t\t\t\t<div class=\"elementor-post__text\">\n\t\t\t\t<h3 class=\"elementor-post__title\">\n\t\t\t<a href=\"https:\/\/massivart.de\/magazin\/polstermobel-die-besten-tipps-und-tricks\/\">\n\t\t\t\tPolsterm\u00f6bel \u2013 Die besten Tipps und Tricks, wenn es um Ihre Polsterm\u00f6bel geht\t\t\t<\/a>\n\t\t<\/h3>\n\t\t\t\t<div class=\"elementor-post__excerpt\">\n\t\t\t<p>Entdecken Sie mit uns, wie Sie Ihr neues Sofa zum Herst\u00fcck Ihres Wohnzimmers machen!<\/p>\n\t\t<\/div>\n\t\t\n\t\t<a class=\"elementor-post__read-more\" href=\"https:\/\/massivart.de\/magazin\/polstermobel-die-besten-tipps-und-tricks\/\" aria-label=\"Mehr \u00fcber Polsterm\u00f6bel \u2013 Die besten Tipps und Tricks, wenn es um Ihre Polsterm\u00f6bel geht\" tabindex=\"-1\">\n\t\t\tWeiterlesen \u00bb\t\t<\/a>\n\n\t\t\t\t<\/div>\n\t\t\t\t\t<\/div>\n\t\t<\/article>\n\t\t\t\t<article class=\"elementor-post elementor-grid-item post-2306 post type-post status-publish format-standard has-post-thumbnail hentry category-allgemein category-einrichtungsideen category-wohnen\" role=\"listitem\">\n\t\t\t<div class=\"elementor-post__card\">\n\t\t\t\t<a class=\"elementor-post__thumbnail__link\" href=\"https:\/\/massivart.de\/magazin\/der-industrial-style-wie-sie-ihr-zuhause-im-trendigen-factory-style-einrichten-koennen\/\" tabindex=\"-1\"><div class=\"elementor-post__thumbnail\"><img loading=\"lazy\" decoding=\"async\" width=\"800\" height=\"286\" src=\"https:\/\/massivart.de\/magazin\/wp-content\/uploads\/2025\/04\/industrial-style-moebel-banner-massivart-1024x366.jpg\" class=\"attachment-large size-large wp-image-2307\" alt=\"Banner Industrial Style M\u00f6bel MassivArt\" srcset=\"https:\/\/massivart.de\/magazin\/wp-content\/uploads\/2025\/04\/industrial-style-moebel-banner-massivart-1024x366.jpg 1024w, https:\/\/massivart.de\/magazin\/wp-content\/uploads\/2025\/04\/industrial-style-moebel-banner-massivart-300x107.jpg 300w, https:\/\/massivart.de\/magazin\/wp-content\/uploads\/2025\/04\/industrial-style-moebel-banner-massivart-768x274.jpg 768w, https:\/\/massivart.de\/magazin\/wp-content\/uploads\/2025\/04\/industrial-style-moebel-banner-massivart.jpg 1120w\" sizes=\"(max-width: 800px) 100vw, 800px\" \/><\/div><\/a>\n\t\t\t\t<div class=\"elementor-post__text\">\n\t\t\t\t<h3 class=\"elementor-post__title\">\n\t\t\t<a href=\"https:\/\/massivart.de\/magazin\/der-industrial-style-wie-sie-ihr-zuhause-im-trendigen-factory-style-einrichten-koennen\/\">\n\t\t\t\tDer Industrial Style: Wie Sie Ihr Zuhause im trendigen Factory Style einrichten k\u00f6nnen\t\t\t<\/a>\n\t\t<\/h3>\n\t\t\t\t<div class=\"elementor-post__excerpt\">\n\t\t\t<p>Der Industrial Style ist mehr als nur ein vor\u00fcbergehender Trend \u2013 er ist ein echtes Lebensgef\u00fchl!<\/p>\n\t\t<\/div>\n\t\t\n\t\t<a class=\"elementor-post__read-more\" href=\"https:\/\/massivart.de\/magazin\/der-industrial-style-wie-sie-ihr-zuhause-im-trendigen-factory-style-einrichten-koennen\/\" aria-label=\"Mehr \u00fcber Der Industrial Style: Wie Sie Ihr Zuhause im trendigen Factory Style einrichten k\u00f6nnen\" tabindex=\"-1\">\n\t\t\tWeiterlesen \u00bb\t\t<\/a>\n\n\t\t\t\t<\/div>\n\t\t\t\t\t<\/div>\n\t\t<\/article>\n\t\t\t\t<article class=\"elementor-post elementor-grid-item post-2069 post type-post status-publish format-standard has-post-thumbnail hentry category-allgemein category-einrichtungsideen\" role=\"listitem\">\n\t\t\t<div class=\"elementor-post__card\">\n\t\t\t\t<a class=\"elementor-post__thumbnail__link\" href=\"https:\/\/massivart.de\/magazin\/sideboards-und-kommoden-so-finden-sie-die-perfekte-stauraumloesung-fuer-ihr-wohnzimmer\/\" tabindex=\"-1\"><div class=\"elementor-post__thumbnail\"><img loading=\"lazy\" decoding=\"async\" width=\"800\" height=\"286\" src=\"https:\/\/massivart.de\/magazin\/wp-content\/uploads\/2025\/05\/banner-sideboard-kommode-massivart-1024x366.jpg\" class=\"attachment-large size-large wp-image-2077\" alt=\"Sideboards und Kommoden als Stauraumrunder Banner\" srcset=\"https:\/\/massivart.de\/magazin\/wp-content\/uploads\/2025\/05\/banner-sideboard-kommode-massivart-1024x366.jpg 1024w, https:\/\/massivart.de\/magazin\/wp-content\/uploads\/2025\/05\/banner-sideboard-kommode-massivart-300x107.jpg 300w, https:\/\/massivart.de\/magazin\/wp-content\/uploads\/2025\/05\/banner-sideboard-kommode-massivart-768x274.jpg 768w, https:\/\/massivart.de\/magazin\/wp-content\/uploads\/2025\/05\/banner-sideboard-kommode-massivart.jpg 1120w\" sizes=\"(max-width: 800px) 100vw, 800px\" \/><\/div><\/a>\n\t\t\t\t<div class=\"elementor-post__text\">\n\t\t\t\t<h3 class=\"elementor-post__title\">\n\t\t\t<a href=\"https:\/\/massivart.de\/magazin\/sideboards-und-kommoden-so-finden-sie-die-perfekte-stauraumloesung-fuer-ihr-wohnzimmer\/\">\n\t\t\t\tSideboards und Kommoden \u2013 So finden Sie die perfekte Staurauml\u00f6sung f\u00fcr Ihr Wohnzimmer\t\t\t<\/a>\n\t\t<\/h3>\n\t\t\t\t<div class=\"elementor-post__excerpt\">\n\t\t\t<p>Entdecken Sie die Vielfalt an Kommoden und Sideboards aus Massivholz und wie Sie die perfekte Staurauml\u00f6sung finden!<\/p>\n\t\t<\/div>\n\t\t\n\t\t<a class=\"elementor-post__read-more\" href=\"https:\/\/massivart.de\/magazin\/sideboards-und-kommoden-so-finden-sie-die-perfekte-stauraumloesung-fuer-ihr-wohnzimmer\/\" aria-label=\"Mehr \u00fcber Sideboards und Kommoden \u2013 So finden Sie die perfekte Staurauml\u00f6sung f\u00fcr Ihr Wohnzimmer\" tabindex=\"-1\">\n\t\t\tWeiterlesen \u00bb\t\t<\/a>\n\n\t\t\t\t<\/div>\n\t\t\t\t\t<\/div>\n\t\t<\/article>\n\t\t\t\t<article class=\"elementor-post elementor-grid-item post-566 post type-post status-publish format-standard has-post-thumbnail hentry category-einrichtungsideen\" role=\"listitem\">\n\t\t\t<div class=\"elementor-post__card\">\n\t\t\t\t<a class=\"elementor-post__thumbnail__link\" href=\"https:\/\/massivart.de\/magazin\/baumkantentische-als-herzstueck-ihres-esszimmers\/\" tabindex=\"-1\"><div class=\"elementor-post__thumbnail\"><img loading=\"lazy\" decoding=\"async\" width=\"800\" height=\"448\" src=\"https:\/\/massivart.de\/magazin\/wp-content\/uploads\/2025\/11\/title-bild-baumkantentisch-tim-200cm-akazie-massivart-1024x573.jpg\" class=\"attachment-large size-large wp-image-1517\" alt=\"Baumkantentisch TIM 200 cm Akazie\" srcset=\"https:\/\/massivart.de\/magazin\/wp-content\/uploads\/2025\/11\/title-bild-baumkantentisch-tim-200cm-akazie-massivart-1024x573.jpg 1024w, https:\/\/massivart.de\/magazin\/wp-content\/uploads\/2025\/11\/title-bild-baumkantentisch-tim-200cm-akazie-massivart-300x168.jpg 300w, https:\/\/massivart.de\/magazin\/wp-content\/uploads\/2025\/11\/title-bild-baumkantentisch-tim-200cm-akazie-massivart-768x430.jpg 768w, https:\/\/massivart.de\/magazin\/wp-content\/uploads\/2025\/11\/title-bild-baumkantentisch-tim-200cm-akazie-massivart-1536x860.jpg 1536w, https:\/\/massivart.de\/magazin\/wp-content\/uploads\/2025\/11\/title-bild-baumkantentisch-tim-200cm-akazie-massivart-2048x1147.jpg 2048w\" sizes=\"(max-width: 800px) 100vw, 800px\" \/><\/div><\/a>\n\t\t\t\t<div class=\"elementor-post__text\">\n\t\t\t\t<h3 class=\"elementor-post__title\">\n\t\t\t<a href=\"https:\/\/massivart.de\/magazin\/baumkantentische-als-herzstueck-ihres-esszimmers\/\">\n\t\t\t\tBaumkantentische als Herzst\u00fcck Ihres Esszimmers\t\t\t<\/a>\n\t\t<\/h3>\n\t\t\t\t<div class=\"elementor-post__excerpt\">\n\t\t\t<p>Lassen Sie sich von modernen Eintichtungstrends inspirieren und entdecken Sie unsere Baumkantentische.<\/p>\n\t\t<\/div>\n\t\t\n\t\t<a class=\"elementor-post__read-more\" href=\"https:\/\/massivart.de\/magazin\/baumkantentische-als-herzstueck-ihres-esszimmers\/\" aria-label=\"Mehr \u00fcber Baumkantentische als Herzst\u00fcck Ihres Esszimmers\" tabindex=\"-1\">\n\t\t\tWeiterlesen \u00bb\t\t<\/a>\n\n\t\t\t\t<\/div>\n\t\t\t\t\t<\/div>\n\t\t<\/article>\n\t\t\t\t<article class=\"elementor-post elementor-grid-item post-551 post type-post status-publish format-standard has-post-thumbnail hentry category-allgemein category-einrichtungsideen\" role=\"listitem\">\n\t\t\t<div class=\"elementor-post__card\">\n\t\t\t\t<a class=\"elementor-post__thumbnail__link\" href=\"https:\/\/massivart.de\/magazin\/ihr-zuhause-als-treffpunkt-so-integrieren-sie-ihre-hausbar\/\" tabindex=\"-1\"><div class=\"elementor-post__thumbnail\"><img loading=\"lazy\" decoding=\"async\" width=\"800\" height=\"286\" src=\"https:\/\/massivart.de\/magazin\/wp-content\/uploads\/2024\/11\/beitragsbild-3-1024x366.jpg\" class=\"attachment-large size-large wp-image-14\" alt=\"Ihr Zuhause als Treffpunkt: So integrieren Sie eine Hausbar mit modernen Materialien und funktionalen M\u00f6beln f\u00fcr besondere Abende.\" srcset=\"https:\/\/massivart.de\/magazin\/wp-content\/uploads\/2024\/11\/beitragsbild-3-1024x366.jpg 1024w, https:\/\/massivart.de\/magazin\/wp-content\/uploads\/2024\/11\/beitragsbild-3-300x107.jpg 300w, https:\/\/massivart.de\/magazin\/wp-content\/uploads\/2024\/11\/beitragsbild-3-768x274.jpg 768w, https:\/\/massivart.de\/magazin\/wp-content\/uploads\/2024\/11\/beitragsbild-3.jpg 1120w\" sizes=\"(max-width: 800px) 100vw, 800px\" \/><\/div><\/a>\n\t\t\t\t<div class=\"elementor-post__text\">\n\t\t\t\t<h3 class=\"elementor-post__title\">\n\t\t\t<a href=\"https:\/\/massivart.de\/magazin\/ihr-zuhause-als-treffpunkt-so-integrieren-sie-ihre-hausbar\/\">\n\t\t\t\tIhr Zuhause als Treffpunkt: So integrieren Sie Ihre Hausbar\t\t\t<\/a>\n\t\t<\/h3>\n\t\t\t\t<div class=\"elementor-post__excerpt\">\n\t\t\t<p>Entdecken Sie spannende Ideen, wir Sie Ihre neue Hausbar zum Mittelpunkt Ihres Wohnzimmers machen!<\/p>\n\t\t<\/div>\n\t\t\n\t\t<a class=\"elementor-post__read-more\" href=\"https:\/\/massivart.de\/magazin\/ihr-zuhause-als-treffpunkt-so-integrieren-sie-ihre-hausbar\/\" aria-label=\"Mehr \u00fcber Ihr Zuhause als Treffpunkt: So integrieren Sie Ihre Hausbar\" tabindex=\"-1\">\n\t\t\tWeiterlesen \u00bb\t\t<\/a>\n\n\t\t\t\t<\/div>\n\t\t\t\t\t<\/div>\n\t\t<\/article>\n\t\t\t\t<\/div>\n\t\t\n\t\t\t\t\t\t<\/div>\n\t\t\t\t<\/div>\n\t\t\t\t\t<\/div>\n\t\t<\/div>\n\t\t\t\t\t<\/div>\n\t\t<\/section>\n\t\t\t\t<\/div>\n\t\t","protected":false},"excerpt":{"rendered":"","protected":false},"author":1,"featured_media":0,"parent":0,"menu_order":0,"comment_status":"closed","ping_status":"closed","template":"","meta":{"footnotes":""},"class_list":["post-107","page","type-page","status-publish","hentry"],"_links":{"self":[{"href":"https:\/\/massivart.de\/magazin\/wp-json\/wp\/v2\/pages\/107","targetHints":{"allow":["GET"]}}],"collection":[{"href":"https:\/\/massivart.de\/magazin\/wp-json\/wp\/v2\/pages"}],"about":[{"href":"https:\/\/massivart.de\/magazin\/wp-json\/wp\/v2\/types\/page"}],"author":[{"embeddable":true,"href":"https:\/\/massivart.de\/magazin\/wp-json\/wp\/v2\/users\/1"}],"replies":[{"embeddable":true,"href":"https:\/\/massivart.de\/magazin\/wp-json\/wp\/v2\/comments?post=107"}],"version-history":[{"count":37,"href":"https:\/\/massivart.de\/magazin\/wp-json\/wp\/v2\/pages\/107\/revisions"}],"predecessor-version":[{"id":3238,"href":"https:\/\/massivart.de\/magazin\/wp-json\/wp\/v2\/pages\/107\/revisions\/3238"}],"wp:attachment":[{"href":"https:\/\/massivart.de\/magazin\/wp-json\/wp\/v2\/media?parent=107"}],"curies":[{"name":"wp","href":"https:\/\/api.w.org\/{rel}","templated":true}]}}