{"id":105,"date":"2024-11-18T10:25:05","date_gmt":"2024-11-18T09:25:05","guid":{"rendered":"https:\/\/massivart.de\/magazin\/?page_id=105"},"modified":"2025-10-01T13:42:25","modified_gmt":"2025-10-01T11:42:25","slug":"wohnen","status":"publish","type":"page","link":"https:\/\/massivart.de\/magazin\/wohnen\/","title":{"rendered":"Wohnen"},"content":{"rendered":"\t\t<div data-elementor-type=\"wp-page\" data-elementor-id=\"105\" class=\"elementor elementor-105\" data-elementor-post-type=\"page\">\n\t\t\t\t\t\t<section class=\"elementor-section elementor-top-section elementor-element elementor-element-11672471 elementor-section-full_width elementor-section-height-default elementor-section-height-default\" data-id=\"11672471\" data-element_type=\"section\" data-e-type=\"section\">\n\t\t\t\t\t\t<div class=\"elementor-container elementor-column-gap-no\">\n\t\t\t\t\t<div class=\"elementor-column elementor-col-100 elementor-top-column elementor-element elementor-element-3ddc9cdf\" data-id=\"3ddc9cdf\" data-element_type=\"column\" data-e-type=\"column\" data-settings=\"{&quot;background_background&quot;:&quot;classic&quot;,&quot;background_motion_fx_motion_fx_scrolling&quot;:&quot;yes&quot;,&quot;background_motion_fx_devices&quot;:[&quot;desktop&quot;,&quot;tablet&quot;,&quot;mobile&quot;]}\">\n\t\t\t<div class=\"elementor-widget-wrap elementor-element-populated\">\n\t\t\t\t\t\t\t<\/div>\n\t\t<\/div>\n\t\t\t\t\t<\/div>\n\t\t<\/section>\n\t\t<div class=\"elementor-element elementor-element-084e778 e-flex e-con-boxed e-con e-parent\" data-id=\"084e778\" data-element_type=\"container\" data-e-type=\"container\">\n\t\t\t\t\t<div class=\"e-con-inner\">\n\t\t\t\t<div class=\"elementor-element elementor-element-c235654 elementor-widget elementor-widget-global elementor-global-608 elementor-widget-html\" data-id=\"c235654\" data-element_type=\"widget\" data-e-type=\"widget\" data-widget_type=\"html.default\">\n\t\t\t\t<div class=\"elementor-widget-container\">\n\t\t\t\t\t<nav aria-label=\"breadcrumbs\" class=\"rank-math-breadcrumb\"><p><span class=\"last\">Home<\/span><\/p><\/nav>\t\t\t\t<\/div>\n\t\t\t\t<\/div>\n\t\t\t\t\t<\/div>\n\t\t\t\t<\/div>\n\t\t\t\t<section class=\"elementor-section elementor-top-section elementor-element elementor-element-299e7193 elementor-section-boxed elementor-section-height-default elementor-section-height-default\" data-id=\"299e7193\" data-element_type=\"section\" data-e-type=\"section\">\n\t\t\t\t\t\t<div class=\"elementor-container elementor-column-gap-wide\">\n\t\t\t\t\t<div class=\"elementor-column elementor-col-100 elementor-top-column elementor-element elementor-element-7f15df1e\" data-id=\"7f15df1e\" data-element_type=\"column\" data-e-type=\"column\">\n\t\t\t<div class=\"elementor-widget-wrap elementor-element-populated\">\n\t\t\t\t\t\t<div class=\"elementor-element elementor-element-3a67311f elementor-posts--align-left elementor-grid-3 elementor-grid-tablet-2 elementor-grid-mobile-1 elementor-posts--thumbnail-top elementor-posts__hover-gradient elementor-widget elementor-widget-posts\" data-id=\"3a67311f\" data-element_type=\"widget\" data-e-type=\"widget\" data-settings=\"{&quot;pagination_type&quot;:&quot;numbers&quot;,&quot;cards_columns&quot;:&quot;3&quot;,&quot;cards_columns_tablet&quot;:&quot;2&quot;,&quot;cards_columns_mobile&quot;:&quot;1&quot;,&quot;cards_row_gap&quot;:{&quot;unit&quot;:&quot;px&quot;,&quot;size&quot;:35,&quot;sizes&quot;:[]},&quot;cards_row_gap_tablet&quot;:{&quot;unit&quot;:&quot;px&quot;,&quot;size&quot;:&quot;&quot;,&quot;sizes&quot;:[]},&quot;cards_row_gap_mobile&quot;:{&quot;unit&quot;:&quot;px&quot;,&quot;size&quot;:&quot;&quot;,&quot;sizes&quot;:[]}}\" data-widget_type=\"posts.cards\">\n\t\t\t\t<div class=\"elementor-widget-container\">\n\t\t\t\t\t\t\t<div class=\"elementor-posts-container elementor-posts elementor-posts--skin-cards elementor-grid\" role=\"list\">\n\t\t\t\t<article class=\"elementor-post elementor-grid-item post-3534 post type-post status-publish format-standard has-post-thumbnail hentry category-allgemein category-wissen category-wohnen\" role=\"listitem\">\n\t\t\t<div class=\"elementor-post__card\">\n\t\t\t\t<a class=\"elementor-post__thumbnail__link\" href=\"https:\/\/massivart.de\/magazin\/mango-moebel-sidebaords-tische-kommoden-aus-mangoholz\/\" tabindex=\"-1\"><div class=\"elementor-post__thumbnail\"><img fetchpriority=\"high\" decoding=\"async\" width=\"800\" height=\"286\" src=\"https:\/\/massivart.de\/magazin\/wp-content\/uploads\/2026\/04\/Mango-Moebel-MassivART-1024x366.jpg\" class=\"attachment-large size-large wp-image-3543\" alt=\"Mango M\u00f6bel von MassivART.\" srcset=\"https:\/\/massivart.de\/magazin\/wp-content\/uploads\/2026\/04\/Mango-Moebel-MassivART-1024x366.jpg 1024w, https:\/\/massivart.de\/magazin\/wp-content\/uploads\/2026\/04\/Mango-Moebel-MassivART-300x107.jpg 300w, https:\/\/massivart.de\/magazin\/wp-content\/uploads\/2026\/04\/Mango-Moebel-MassivART-768x274.jpg 768w, https:\/\/massivart.de\/magazin\/wp-content\/uploads\/2026\/04\/Mango-Moebel-MassivART.jpg 1120w\" sizes=\"(max-width: 800px) 100vw, 800px\" \/><\/div><\/a>\n\t\t\t\t<div class=\"elementor-post__text\">\n\t\t\t\t<h3 class=\"elementor-post__title\">\n\t\t\t<a href=\"https:\/\/massivart.de\/magazin\/mango-moebel-sidebaords-tische-kommoden-aus-mangoholz\/\">\n\t\t\t\tDer gro\u00dfe Mango-M\u00f6bel-Check: Alles \u00fcber Sidebaords, Tische und Kommoden aus Mangoholz\t\t\t<\/a>\n\t\t<\/h3>\n\t\t\t\t<div class=\"elementor-post__excerpt\">\n\t\t\t<p>Mango-M\u00f6bel wirken warm, individuell und deutlich lebendiger als viele glatte Serienm\u00f6bel. Wer sich f\u00fcr M\u00f6bel<\/p>\n\t\t<\/div>\n\t\t\n\t\t<a class=\"elementor-post__read-more\" href=\"https:\/\/massivart.de\/magazin\/mango-moebel-sidebaords-tische-kommoden-aus-mangoholz\/\" aria-label=\"Mehr \u00fcber Der gro\u00dfe Mango-M\u00f6bel-Check: Alles \u00fcber Sidebaords, Tische und Kommoden aus Mangoholz\" tabindex=\"-1\">\n\t\t\tWeiterlesen \u00bb\t\t<\/a>\n\n\t\t\t\t<\/div>\n\t\t\t\t\t<\/div>\n\t\t<\/article>\n\t\t\t\t<article class=\"elementor-post elementor-grid-item post-3511 post type-post status-publish format-standard has-post-thumbnail hentry category-allgemein category-einrichtungsideen category-wohnen\" role=\"listitem\">\n\t\t\t<div class=\"elementor-post__card\">\n\t\t\t\t<a class=\"elementor-post__thumbnail__link\" href=\"https:\/\/massivart.de\/magazin\/fruehlingshafte-wohnideen-massivholz\/\" tabindex=\"-1\"><div class=\"elementor-post__thumbnail\"><img decoding=\"async\" width=\"800\" height=\"286\" src=\"https:\/\/massivart.de\/magazin\/wp-content\/uploads\/2026\/03\/fruehling-wohnideen-massivholz-wohnzimmer-massivart-1024x366.jpg\" class=\"attachment-large size-large wp-image-3512\" alt=\"Fr\u00fchlingshafte Wohnideen mit Massivholz: massivArt erkl\u00e4rt, wie Sie Ihr Wohnzimmer einfach umstylen.\" srcset=\"https:\/\/massivart.de\/magazin\/wp-content\/uploads\/2026\/03\/fruehling-wohnideen-massivholz-wohnzimmer-massivart-1024x366.jpg 1024w, https:\/\/massivart.de\/magazin\/wp-content\/uploads\/2026\/03\/fruehling-wohnideen-massivholz-wohnzimmer-massivart-300x107.jpg 300w, https:\/\/massivart.de\/magazin\/wp-content\/uploads\/2026\/03\/fruehling-wohnideen-massivholz-wohnzimmer-massivart-768x274.jpg 768w, https:\/\/massivart.de\/magazin\/wp-content\/uploads\/2026\/03\/fruehling-wohnideen-massivholz-wohnzimmer-massivart.jpg 1120w\" sizes=\"(max-width: 800px) 100vw, 800px\" \/><\/div><\/a>\n\t\t\t\t<div class=\"elementor-post__text\">\n\t\t\t\t<h3 class=\"elementor-post__title\">\n\t\t\t<a href=\"https:\/\/massivart.de\/magazin\/fruehlingshafte-wohnideen-massivholz\/\">\n\t\t\t\tFr\u00fchlingshafte Wohnideen mit Massivholz: Wohnzimmer mit wenig Aufwand umstylen\t\t\t<\/a>\n\t\t<\/h3>\n\t\t\t\t<div class=\"elementor-post__excerpt\">\n\t\t\t<p>Der Fr\u00fchling macht etwas mit uns: Pl\u00f6tzlich wirkt das Wohnzimmer schwer, die Wintertextilien zu dicht<\/p>\n\t\t<\/div>\n\t\t\n\t\t<a class=\"elementor-post__read-more\" href=\"https:\/\/massivart.de\/magazin\/fruehlingshafte-wohnideen-massivholz\/\" aria-label=\"Mehr \u00fcber Fr\u00fchlingshafte Wohnideen mit Massivholz: Wohnzimmer mit wenig Aufwand umstylen\" tabindex=\"-1\">\n\t\t\tWeiterlesen \u00bb\t\t<\/a>\n\n\t\t\t\t<\/div>\n\t\t\t\t\t<\/div>\n\t\t<\/article>\n\t\t\t\t<article class=\"elementor-post elementor-grid-item post-3468 post type-post status-publish format-standard has-post-thumbnail hentry category-allgemein category-wissen category-wohnen\" role=\"listitem\">\n\t\t\t<div class=\"elementor-post__card\">\n\t\t\t\t<a class=\"elementor-post__thumbnail__link\" href=\"https:\/\/massivart.de\/magazin\/wildeiche-moebel\/\" tabindex=\"-1\"><div class=\"elementor-post__thumbnail\"><img decoding=\"async\" width=\"800\" height=\"286\" src=\"https:\/\/massivart.de\/magazin\/wp-content\/uploads\/2026\/03\/wildeiche-moebel-massivart-1024x366.jpg\" class=\"attachment-large size-large wp-image-3469\" alt=\"M\u00f6bel aus Wildeiche erfreuen sich gro\u00dfer Beliebtheit.\" srcset=\"https:\/\/massivart.de\/magazin\/wp-content\/uploads\/2026\/03\/wildeiche-moebel-massivart-1024x366.jpg 1024w, https:\/\/massivart.de\/magazin\/wp-content\/uploads\/2026\/03\/wildeiche-moebel-massivart-300x107.jpg 300w, https:\/\/massivart.de\/magazin\/wp-content\/uploads\/2026\/03\/wildeiche-moebel-massivart-768x274.jpg 768w, https:\/\/massivart.de\/magazin\/wp-content\/uploads\/2026\/03\/wildeiche-moebel-massivart.jpg 1120w\" sizes=\"(max-width: 800px) 100vw, 800px\" \/><\/div><\/a>\n\t\t\t\t<div class=\"elementor-post__text\">\n\t\t\t\t<h3 class=\"elementor-post__title\">\n\t\t\t<a href=\"https:\/\/massivart.de\/magazin\/wildeiche-moebel\/\">\n\t\t\t\tM\u00f6bel aus Wildeiche: Warum dieses Massivholz so beliebt ist\t\t\t<\/a>\n\t\t<\/h3>\n\t\t\t\t<div class=\"elementor-post__excerpt\">\n\t\t\t<p>Wer sich f\u00fcr M\u00f6bel aus Wildeiche interessiert, m\u00f6chte sich meist mehr als nur eine sch\u00f6ne<\/p>\n\t\t<\/div>\n\t\t\n\t\t<a class=\"elementor-post__read-more\" href=\"https:\/\/massivart.de\/magazin\/wildeiche-moebel\/\" aria-label=\"Mehr \u00fcber M\u00f6bel aus Wildeiche: Warum dieses Massivholz so beliebt ist\" tabindex=\"-1\">\n\t\t\tWeiterlesen \u00bb\t\t<\/a>\n\n\t\t\t\t<\/div>\n\t\t\t\t\t<\/div>\n\t\t<\/article>\n\t\t\t\t<article class=\"elementor-post elementor-grid-item post-3334 post type-post status-publish format-standard has-post-thumbnail hentry category-allgemein category-einrichtungsideen category-wohnen\" role=\"listitem\">\n\t\t\t<div class=\"elementor-post__card\">\n\t\t\t\t<a class=\"elementor-post__thumbnail__link\" href=\"https:\/\/massivart.de\/magazin\/neujahrsvorsaetze-fuer-ihr-zuhause-wohnideen-2026-fuer-mehr-wohlbefinden\/\" tabindex=\"-1\"><div class=\"elementor-post__thumbnail\"><img loading=\"lazy\" decoding=\"async\" width=\"800\" height=\"286\" src=\"https:\/\/massivart.de\/magazin\/wp-content\/uploads\/2025\/12\/neujahrvorsaetze-2026-banner-massivart-1024x366.jpg\" class=\"attachment-large size-large wp-image-3363\" alt=\"Wohntrends 2026 MassivArt\" srcset=\"https:\/\/massivart.de\/magazin\/wp-content\/uploads\/2025\/12\/neujahrvorsaetze-2026-banner-massivart-1024x366.jpg 1024w, https:\/\/massivart.de\/magazin\/wp-content\/uploads\/2025\/12\/neujahrvorsaetze-2026-banner-massivart-300x107.jpg 300w, https:\/\/massivart.de\/magazin\/wp-content\/uploads\/2025\/12\/neujahrvorsaetze-2026-banner-massivart-768x274.jpg 768w, https:\/\/massivart.de\/magazin\/wp-content\/uploads\/2025\/12\/neujahrvorsaetze-2026-banner-massivart.jpg 1120w\" sizes=\"(max-width: 800px) 100vw, 800px\" \/><\/div><\/a>\n\t\t\t\t<div class=\"elementor-post__text\">\n\t\t\t\t<h3 class=\"elementor-post__title\">\n\t\t\t<a href=\"https:\/\/massivart.de\/magazin\/neujahrsvorsaetze-fuer-ihr-zuhause-wohnideen-2026-fuer-mehr-wohlbefinden\/\">\n\t\t\t\tNeujahrsvors\u00e4tze f\u00fcr Ihr Zuhause: Wohnideen 2026 f\u00fcr mehr Wohlbefinden\t\t\t<\/a>\n\t\t<\/h3>\n\t\t\t\t<div class=\"elementor-post__excerpt\">\n\t\t\t<p>Wenn das neue Jahr beginnt, sind Neujahrs-Vors\u00e4tze Zuhause eine wunderbare Gelegenheit, frischen Wind in das<\/p>\n\t\t<\/div>\n\t\t\n\t\t<a class=\"elementor-post__read-more\" href=\"https:\/\/massivart.de\/magazin\/neujahrsvorsaetze-fuer-ihr-zuhause-wohnideen-2026-fuer-mehr-wohlbefinden\/\" aria-label=\"Mehr \u00fcber Neujahrsvors\u00e4tze f\u00fcr Ihr Zuhause: Wohnideen 2026 f\u00fcr mehr Wohlbefinden\" tabindex=\"-1\">\n\t\t\tWeiterlesen \u00bb\t\t<\/a>\n\n\t\t\t\t<\/div>\n\t\t\t\t\t<\/div>\n\t\t<\/article>\n\t\t\t\t<article class=\"elementor-post elementor-grid-item post-3321 post type-post status-publish format-standard has-post-thumbnail hentry category-allgemein category-wohnen\" role=\"listitem\">\n\t\t\t<div class=\"elementor-post__card\">\n\t\t\t\t<a class=\"elementor-post__thumbnail__link\" href=\"https:\/\/massivart.de\/magazin\/weihnachtsdeko-esstische-festlich-einrichten\/\" tabindex=\"-1\"><div class=\"elementor-post__thumbnail\"><img loading=\"lazy\" decoding=\"async\" width=\"800\" height=\"286\" src=\"https:\/\/massivart.de\/magazin\/wp-content\/uploads\/2025\/12\/festliche-tischdeko-massivholz-banner-massivart-1024x366.jpg\" class=\"attachment-large size-large wp-image-3324\" alt=\"Festliche Tischdeko f\u00fcr Weihnachten MassivArt\" srcset=\"https:\/\/massivart.de\/magazin\/wp-content\/uploads\/2025\/12\/festliche-tischdeko-massivholz-banner-massivart-1024x366.jpg 1024w, https:\/\/massivart.de\/magazin\/wp-content\/uploads\/2025\/12\/festliche-tischdeko-massivholz-banner-massivart-300x107.jpg 300w, https:\/\/massivart.de\/magazin\/wp-content\/uploads\/2025\/12\/festliche-tischdeko-massivholz-banner-massivart-768x274.jpg 768w, https:\/\/massivart.de\/magazin\/wp-content\/uploads\/2025\/12\/festliche-tischdeko-massivholz-banner-massivart.jpg 1120w\" sizes=\"(max-width: 800px) 100vw, 800px\" \/><\/div><\/a>\n\t\t\t\t<div class=\"elementor-post__text\">\n\t\t\t\t<h3 class=\"elementor-post__title\">\n\t\t\t<a href=\"https:\/\/massivart.de\/magazin\/weihnachtsdeko-esstische-festlich-einrichten\/\">\n\t\t\t\tWeihnachtsdeko &amp; Esstische &#8211; Festlich einrichten\t\t\t<\/a>\n\t\t<\/h3>\n\t\t\t\t<div class=\"elementor-post__excerpt\">\n\t\t\t<p>Die Weihnachtsdeko spielt eine zentrale Rolle, wenn es darum geht, ein festliches Ambiente rund um<\/p>\n\t\t<\/div>\n\t\t\n\t\t<a class=\"elementor-post__read-more\" href=\"https:\/\/massivart.de\/magazin\/weihnachtsdeko-esstische-festlich-einrichten\/\" aria-label=\"Mehr \u00fcber Weihnachtsdeko &amp; Esstische &#8211; Festlich einrichten\" tabindex=\"-1\">\n\t\t\tWeiterlesen \u00bb\t\t<\/a>\n\n\t\t\t\t<\/div>\n\t\t\t\t\t<\/div>\n\t\t<\/article>\n\t\t\t\t<article class=\"elementor-post elementor-grid-item post-3306 post type-post status-publish format-standard has-post-thumbnail hentry category-allgemein category-wohnen\" role=\"listitem\">\n\t\t\t<div class=\"elementor-post__card\">\n\t\t\t\t<a class=\"elementor-post__thumbnail__link\" href=\"https:\/\/massivart.de\/magazin\/winterstoffe-2025-cord-boucle-wolle-im-trend\/\" tabindex=\"-1\"><div class=\"elementor-post__thumbnail\"><img loading=\"lazy\" decoding=\"async\" width=\"800\" height=\"286\" src=\"https:\/\/massivart.de\/magazin\/wp-content\/uploads\/2025\/10\/winterstoffe-trends-2025-banner-massivart-1024x366.jpg\" class=\"attachment-large size-large wp-image-3307\" alt=\"Wintertrends Stoffe 2025 MassivArt\" srcset=\"https:\/\/massivart.de\/magazin\/wp-content\/uploads\/2025\/10\/winterstoffe-trends-2025-banner-massivart-1024x366.jpg 1024w, https:\/\/massivart.de\/magazin\/wp-content\/uploads\/2025\/10\/winterstoffe-trends-2025-banner-massivart-300x107.jpg 300w, https:\/\/massivart.de\/magazin\/wp-content\/uploads\/2025\/10\/winterstoffe-trends-2025-banner-massivart-768x274.jpg 768w, https:\/\/massivart.de\/magazin\/wp-content\/uploads\/2025\/10\/winterstoffe-trends-2025-banner-massivart.jpg 1120w\" sizes=\"(max-width: 800px) 100vw, 800px\" \/><\/div><\/a>\n\t\t\t\t<div class=\"elementor-post__text\">\n\t\t\t\t<h3 class=\"elementor-post__title\">\n\t\t\t<a href=\"https:\/\/massivart.de\/magazin\/winterstoffe-2025-cord-boucle-wolle-im-trend\/\">\n\t\t\t\tWinterstoffe 2025 \u2013 Cord, Boucl\u00e9 &amp; Wolle im Trend\t\t\t<\/a>\n\t\t<\/h3>\n\t\t\t\t<div class=\"elementor-post__excerpt\">\n\t\t\t<p>Der Winter steht vor der T\u00fcr \u2013 und mit ihm neue Inspirationen f\u00fcr warme R\u00e4ume,<\/p>\n\t\t<\/div>\n\t\t\n\t\t<a class=\"elementor-post__read-more\" href=\"https:\/\/massivart.de\/magazin\/winterstoffe-2025-cord-boucle-wolle-im-trend\/\" aria-label=\"Mehr \u00fcber Winterstoffe 2025 \u2013 Cord, Boucl\u00e9 &amp; Wolle im Trend\" tabindex=\"-1\">\n\t\t\tWeiterlesen \u00bb\t\t<\/a>\n\n\t\t\t\t<\/div>\n\t\t\t\t\t<\/div>\n\t\t<\/article>\n\t\t\t\t<article class=\"elementor-post elementor-grid-item post-3281 post type-post status-publish format-standard has-post-thumbnail hentry category-allgemein category-wohnen\" role=\"listitem\">\n\t\t\t<div class=\"elementor-post__card\">\n\t\t\t\t<a class=\"elementor-post__thumbnail__link\" href=\"https:\/\/massivart.de\/magazin\/gemuetliche-beleuchtung-ambiente-lichtideen-fuer-den-winter\/\" tabindex=\"-1\"><div class=\"elementor-post__thumbnail\"><img loading=\"lazy\" decoding=\"async\" width=\"800\" height=\"286\" src=\"https:\/\/massivart.de\/magazin\/wp-content\/uploads\/2025\/10\/beleuchtungsideen-winterlich-banner-massivart-1024x366.jpg\" class=\"attachment-large size-large wp-image-3282\" alt=\"Beleuchtungsideen f\u00fcr den Winter MassivArt\" srcset=\"https:\/\/massivart.de\/magazin\/wp-content\/uploads\/2025\/10\/beleuchtungsideen-winterlich-banner-massivart-1024x366.jpg 1024w, https:\/\/massivart.de\/magazin\/wp-content\/uploads\/2025\/10\/beleuchtungsideen-winterlich-banner-massivart-300x107.jpg 300w, https:\/\/massivart.de\/magazin\/wp-content\/uploads\/2025\/10\/beleuchtungsideen-winterlich-banner-massivart-768x274.jpg 768w, https:\/\/massivart.de\/magazin\/wp-content\/uploads\/2025\/10\/beleuchtungsideen-winterlich-banner-massivart.jpg 1120w\" sizes=\"(max-width: 800px) 100vw, 800px\" \/><\/div><\/a>\n\t\t\t\t<div class=\"elementor-post__text\">\n\t\t\t\t<h3 class=\"elementor-post__title\">\n\t\t\t<a href=\"https:\/\/massivart.de\/magazin\/gemuetliche-beleuchtung-ambiente-lichtideen-fuer-den-winter\/\">\n\t\t\t\tGem\u00fctliche Beleuchtung &amp; Ambiente \u2013 Lichtideen f\u00fcr den Winter\t\t\t<\/a>\n\t\t<\/h3>\n\t\t\t\t<div class=\"elementor-post__excerpt\">\n\t\t\t<p>Wenn die Tage k\u00fcrzer werden und das Grau drau\u00dfen Einzug h\u00e4lt, sehnen wir uns alle<\/p>\n\t\t<\/div>\n\t\t\n\t\t<a class=\"elementor-post__read-more\" href=\"https:\/\/massivart.de\/magazin\/gemuetliche-beleuchtung-ambiente-lichtideen-fuer-den-winter\/\" aria-label=\"Mehr \u00fcber Gem\u00fctliche Beleuchtung &amp; Ambiente \u2013 Lichtideen f\u00fcr den Winter\" tabindex=\"-1\">\n\t\t\tWeiterlesen \u00bb\t\t<\/a>\n\n\t\t\t\t<\/div>\n\t\t\t\t\t<\/div>\n\t\t<\/article>\n\t\t\t\t<article class=\"elementor-post elementor-grid-item post-3255 post type-post status-publish format-standard has-post-thumbnail hentry category-allgemein category-wohnen\" role=\"listitem\">\n\t\t\t<div class=\"elementor-post__card\">\n\t\t\t\t<a class=\"elementor-post__thumbnail__link\" href=\"https:\/\/massivart.de\/magazin\/hygge-im-herbst-skandinavische-wohnideen-mit-massivholz\/\" tabindex=\"-1\"><div class=\"elementor-post__thumbnail\"><img loading=\"lazy\" decoding=\"async\" width=\"800\" height=\"286\" src=\"https:\/\/massivart.de\/magazin\/wp-content\/uploads\/2025\/10\/hygge-herbst-massivholz-banner-massivart-1024x366.jpg\" class=\"attachment-large size-large wp-image-3256\" alt=\"Hygge im Herbst MassivArt\" srcset=\"https:\/\/massivart.de\/magazin\/wp-content\/uploads\/2025\/10\/hygge-herbst-massivholz-banner-massivart-1024x366.jpg 1024w, https:\/\/massivart.de\/magazin\/wp-content\/uploads\/2025\/10\/hygge-herbst-massivholz-banner-massivart-300x107.jpg 300w, https:\/\/massivart.de\/magazin\/wp-content\/uploads\/2025\/10\/hygge-herbst-massivholz-banner-massivart-768x274.jpg 768w, https:\/\/massivart.de\/magazin\/wp-content\/uploads\/2025\/10\/hygge-herbst-massivholz-banner-massivart.jpg 1120w\" sizes=\"(max-width: 800px) 100vw, 800px\" \/><\/div><\/a>\n\t\t\t\t<div class=\"elementor-post__text\">\n\t\t\t\t<h3 class=\"elementor-post__title\">\n\t\t\t<a href=\"https:\/\/massivart.de\/magazin\/hygge-im-herbst-skandinavische-wohnideen-mit-massivholz\/\">\n\t\t\t\tHygge im Herbst \u2013 skandinavische Wohnideen mit Massivholz\t\t\t<\/a>\n\t\t<\/h3>\n\t\t\t\t<div class=\"elementor-post__excerpt\">\n\t\t\t<p>Wenn wir an Herbst Wohnideen denken, haben wir sofort Bilder von warmen Decken, Kerzenlicht und<\/p>\n\t\t<\/div>\n\t\t\n\t\t<a class=\"elementor-post__read-more\" href=\"https:\/\/massivart.de\/magazin\/hygge-im-herbst-skandinavische-wohnideen-mit-massivholz\/\" aria-label=\"Mehr \u00fcber Hygge im Herbst \u2013 skandinavische Wohnideen mit Massivholz\" tabindex=\"-1\">\n\t\t\tWeiterlesen \u00bb\t\t<\/a>\n\n\t\t\t\t<\/div>\n\t\t\t\t\t<\/div>\n\t\t<\/article>\n\t\t\t\t<article class=\"elementor-post elementor-grid-item post-2827 post type-post status-publish format-standard has-post-thumbnail hentry category-allgemein category-wohnen\" role=\"listitem\">\n\t\t\t<div class=\"elementor-post__card\">\n\t\t\t\t<a class=\"elementor-post__thumbnail__link\" href=\"https:\/\/massivart.de\/magazin\/der-einfluss-von-farben-wie-farbwahl-die-raumwirkung-veraendert\/\" tabindex=\"-1\"><div class=\"elementor-post__thumbnail\"><img loading=\"lazy\" decoding=\"async\" width=\"800\" height=\"286\" src=\"https:\/\/massivart.de\/magazin\/wp-content\/uploads\/2025\/06\/farbwirkung-banner-massivart-1-1024x366.jpg\" class=\"attachment-large size-large wp-image-2885\" alt=\"Banner Farbwirkung MassivArt\" srcset=\"https:\/\/massivart.de\/magazin\/wp-content\/uploads\/2025\/06\/farbwirkung-banner-massivart-1-1024x366.jpg 1024w, https:\/\/massivart.de\/magazin\/wp-content\/uploads\/2025\/06\/farbwirkung-banner-massivart-1-300x107.jpg 300w, https:\/\/massivart.de\/magazin\/wp-content\/uploads\/2025\/06\/farbwirkung-banner-massivart-1-768x274.jpg 768w, https:\/\/massivart.de\/magazin\/wp-content\/uploads\/2025\/06\/farbwirkung-banner-massivart-1.jpg 1120w\" sizes=\"(max-width: 800px) 100vw, 800px\" \/><\/div><\/a>\n\t\t\t\t<div class=\"elementor-post__text\">\n\t\t\t\t<h3 class=\"elementor-post__title\">\n\t\t\t<a href=\"https:\/\/massivart.de\/magazin\/der-einfluss-von-farben-wie-farbwahl-die-raumwirkung-veraendert\/\">\n\t\t\t\tDer Einfluss von Farben: Wie Farbwahl die Raumwirkung ver\u00e4ndert\t\t\t<\/a>\n\t\t<\/h3>\n\t\t\t\t<div class=\"elementor-post__excerpt\">\n\t\t\t<p>Hier zeigen wir, wie die richtige Farbwahl Ihre R\u00e4ume positiv ver\u00e4ndern kann.<\/p>\n\t\t<\/div>\n\t\t\n\t\t<a class=\"elementor-post__read-more\" href=\"https:\/\/massivart.de\/magazin\/der-einfluss-von-farben-wie-farbwahl-die-raumwirkung-veraendert\/\" aria-label=\"Mehr \u00fcber Der Einfluss von Farben: Wie Farbwahl die Raumwirkung ver\u00e4ndert\" tabindex=\"-1\">\n\t\t\tWeiterlesen \u00bb\t\t<\/a>\n\n\t\t\t\t<\/div>\n\t\t\t\t\t<\/div>\n\t\t<\/article>\n\t\t\t\t<article class=\"elementor-post elementor-grid-item post-2306 post type-post status-publish format-standard has-post-thumbnail hentry category-allgemein category-einrichtungsideen category-wohnen\" role=\"listitem\">\n\t\t\t<div class=\"elementor-post__card\">\n\t\t\t\t<a class=\"elementor-post__thumbnail__link\" href=\"https:\/\/massivart.de\/magazin\/der-industrial-style-wie-sie-ihr-zuhause-im-trendigen-factory-style-einrichten-koennen\/\" tabindex=\"-1\"><div class=\"elementor-post__thumbnail\"><img loading=\"lazy\" decoding=\"async\" width=\"800\" height=\"286\" src=\"https:\/\/massivart.de\/magazin\/wp-content\/uploads\/2025\/04\/industrial-style-moebel-banner-massivart-1024x366.jpg\" class=\"attachment-large size-large wp-image-2307\" alt=\"Banner Industrial Style M\u00f6bel MassivArt\" srcset=\"https:\/\/massivart.de\/magazin\/wp-content\/uploads\/2025\/04\/industrial-style-moebel-banner-massivart-1024x366.jpg 1024w, https:\/\/massivart.de\/magazin\/wp-content\/uploads\/2025\/04\/industrial-style-moebel-banner-massivart-300x107.jpg 300w, https:\/\/massivart.de\/magazin\/wp-content\/uploads\/2025\/04\/industrial-style-moebel-banner-massivart-768x274.jpg 768w, https:\/\/massivart.de\/magazin\/wp-content\/uploads\/2025\/04\/industrial-style-moebel-banner-massivart.jpg 1120w\" sizes=\"(max-width: 800px) 100vw, 800px\" \/><\/div><\/a>\n\t\t\t\t<div class=\"elementor-post__text\">\n\t\t\t\t<h3 class=\"elementor-post__title\">\n\t\t\t<a href=\"https:\/\/massivart.de\/magazin\/der-industrial-style-wie-sie-ihr-zuhause-im-trendigen-factory-style-einrichten-koennen\/\">\n\t\t\t\tDer Industrial Style: Wie Sie Ihr Zuhause im trendigen Factory Style einrichten k\u00f6nnen\t\t\t<\/a>\n\t\t<\/h3>\n\t\t\t\t<div class=\"elementor-post__excerpt\">\n\t\t\t<p>Der Industrial Style ist mehr als nur ein vor\u00fcbergehender Trend \u2013 er ist ein echtes Lebensgef\u00fchl!<\/p>\n\t\t<\/div>\n\t\t\n\t\t<a class=\"elementor-post__read-more\" href=\"https:\/\/massivart.de\/magazin\/der-industrial-style-wie-sie-ihr-zuhause-im-trendigen-factory-style-einrichten-koennen\/\" aria-label=\"Mehr \u00fcber Der Industrial Style: Wie Sie Ihr Zuhause im trendigen Factory Style einrichten k\u00f6nnen\" tabindex=\"-1\">\n\t\t\tWeiterlesen \u00bb\t\t<\/a>\n\n\t\t\t\t<\/div>\n\t\t\t\t\t<\/div>\n\t\t<\/article>\n\t\t\t\t<article class=\"elementor-post elementor-grid-item post-1769 post type-post status-publish format-standard has-post-thumbnail hentry category-allgemein category-wohnen\" role=\"listitem\">\n\t\t\t<div class=\"elementor-post__card\">\n\t\t\t\t<a class=\"elementor-post__thumbnail__link\" href=\"https:\/\/massivart.de\/magazin\/natuerlichkeit-fuer-ihr-schlafzimmer-mit-balkenbetten\/\" tabindex=\"-1\"><div class=\"elementor-post__thumbnail\"><img loading=\"lazy\" decoding=\"async\" width=\"800\" height=\"286\" src=\"https:\/\/massivart.de\/magazin\/wp-content\/uploads\/2025\/03\/balkenbett-banner-massivart-1024x366.jpg\" class=\"attachment-large size-large wp-image-1779\" alt=\"Balkenbett SVEA MassivArt\" srcset=\"https:\/\/massivart.de\/magazin\/wp-content\/uploads\/2025\/03\/balkenbett-banner-massivart-1024x366.jpg 1024w, https:\/\/massivart.de\/magazin\/wp-content\/uploads\/2025\/03\/balkenbett-banner-massivart-300x107.jpg 300w, https:\/\/massivart.de\/magazin\/wp-content\/uploads\/2025\/03\/balkenbett-banner-massivart-768x274.jpg 768w, https:\/\/massivart.de\/magazin\/wp-content\/uploads\/2025\/03\/balkenbett-banner-massivart.jpg 1120w\" sizes=\"(max-width: 800px) 100vw, 800px\" \/><\/div><\/a>\n\t\t\t\t<div class=\"elementor-post__text\">\n\t\t\t\t<h3 class=\"elementor-post__title\">\n\t\t\t<a href=\"https:\/\/massivart.de\/magazin\/natuerlichkeit-fuer-ihr-schlafzimmer-mit-balkenbetten\/\">\n\t\t\t\tNat\u00fcrlichkeit f\u00fcr Ihr Schlafzimmer mit Balkenbetten\t\t\t<\/a>\n\t\t<\/h3>\n\t\t\t\t<div class=\"elementor-post__excerpt\">\n\t\t\t<p>Erfahren Sie bei uns, warum sich ein Balkenbett positiv auf Ihren Schlaf auswirkt\u200b!<\/p>\n\t\t<\/div>\n\t\t\n\t\t<a class=\"elementor-post__read-more\" href=\"https:\/\/massivart.de\/magazin\/natuerlichkeit-fuer-ihr-schlafzimmer-mit-balkenbetten\/\" aria-label=\"Mehr \u00fcber Nat\u00fcrlichkeit f\u00fcr Ihr Schlafzimmer mit Balkenbetten\" tabindex=\"-1\">\n\t\t\tWeiterlesen \u00bb\t\t<\/a>\n\n\t\t\t\t<\/div>\n\t\t\t\t\t<\/div>\n\t\t<\/article>\n\t\t\t\t<article class=\"elementor-post elementor-grid-item post-545 post type-post status-publish format-standard has-post-thumbnail hentry category-allgemein category-wohnen\" role=\"listitem\">\n\t\t\t<div class=\"elementor-post__card\">\n\t\t\t\t<a class=\"elementor-post__thumbnail__link\" href=\"https:\/\/massivart.de\/magazin\/wie-ein-couchtisch-aus-massivholz-ihre-couchgarnitur-ergaenzt\/\" tabindex=\"-1\"><div class=\"elementor-post__thumbnail\"><img loading=\"lazy\" decoding=\"async\" width=\"800\" height=\"286\" src=\"https:\/\/massivart.de\/magazin\/wp-content\/uploads\/2024\/11\/beitragsbild-4-1024x366.jpg\" class=\"attachment-large size-large wp-image-15\" alt=\"Entdecken Sie, wie ein Couchtisch aus Massivholz Ihre Couchgarnitur perfekt erg\u00e4nzt und nat\u00fcrliches Flair in Ihren Wohnbereich bringt\" srcset=\"https:\/\/massivart.de\/magazin\/wp-content\/uploads\/2024\/11\/beitragsbild-4-1024x366.jpg 1024w, https:\/\/massivart.de\/magazin\/wp-content\/uploads\/2024\/11\/beitragsbild-4-300x107.jpg 300w, https:\/\/massivart.de\/magazin\/wp-content\/uploads\/2024\/11\/beitragsbild-4-768x274.jpg 768w, https:\/\/massivart.de\/magazin\/wp-content\/uploads\/2024\/11\/beitragsbild-4.jpg 1120w\" sizes=\"(max-width: 800px) 100vw, 800px\" \/><\/div><\/a>\n\t\t\t\t<div class=\"elementor-post__text\">\n\t\t\t\t<h3 class=\"elementor-post__title\">\n\t\t\t<a href=\"https:\/\/massivart.de\/magazin\/wie-ein-couchtisch-aus-massivholz-ihre-couchgarnitur-ergaenzt\/\">\n\t\t\t\tWie ein Couchtisch aus Massivholz Ihre Couchgarnitur erg\u00e4nzt\t\t\t<\/a>\n\t\t<\/h3>\n\t\t\t\t<div class=\"elementor-post__excerpt\">\n\t\t\t<p>Rund, eckig oder oval &#8211; entdecken Sie unsere Tipps und Tricks f\u00fcr die Auswahl Ihres neuen Wohnzimmertisches<\/p>\n\t\t<\/div>\n\t\t\n\t\t<a class=\"elementor-post__read-more\" href=\"https:\/\/massivart.de\/magazin\/wie-ein-couchtisch-aus-massivholz-ihre-couchgarnitur-ergaenzt\/\" aria-label=\"Mehr \u00fcber Wie ein Couchtisch aus Massivholz Ihre Couchgarnitur erg\u00e4nzt\" tabindex=\"-1\">\n\t\t\tWeiterlesen \u00bb\t\t<\/a>\n\n\t\t\t\t<\/div>\n\t\t\t\t\t<\/div>\n\t\t<\/article>\n\t\t\t\t<article class=\"elementor-post elementor-grid-item post-557 post type-post status-publish format-standard has-post-thumbnail hentry category-allgemein category-wohnen\" role=\"listitem\">\n\t\t\t<div class=\"elementor-post__card\">\n\t\t\t\t<a class=\"elementor-post__thumbnail__link\" href=\"https:\/\/massivart.de\/magazin\/wohnzimmer-dekorieren-leicht-gemacht\/\" tabindex=\"-1\"><div class=\"elementor-post__thumbnail\"><img loading=\"lazy\" decoding=\"async\" width=\"800\" height=\"286\" src=\"https:\/\/massivart.de\/magazin\/wp-content\/uploads\/2024\/11\/beitragsbild-2-1024x366.jpg\" class=\"attachment-large size-large wp-image-13\" alt=\"Wohnzimmer dekorieren leicht gemacht \u2013 entdecken Sie, wie harmonische Farbkombinationen und nat\u00fcrliche Materialien f\u00fcr ein Wohlf\u00fchlambiente sorgen.\" srcset=\"https:\/\/massivart.de\/magazin\/wp-content\/uploads\/2024\/11\/beitragsbild-2-1024x366.jpg 1024w, https:\/\/massivart.de\/magazin\/wp-content\/uploads\/2024\/11\/beitragsbild-2-300x107.jpg 300w, https:\/\/massivart.de\/magazin\/wp-content\/uploads\/2024\/11\/beitragsbild-2-768x274.jpg 768w, https:\/\/massivart.de\/magazin\/wp-content\/uploads\/2024\/11\/beitragsbild-2.jpg 1120w\" sizes=\"(max-width: 800px) 100vw, 800px\" \/><\/div><\/a>\n\t\t\t\t<div class=\"elementor-post__text\">\n\t\t\t\t<h3 class=\"elementor-post__title\">\n\t\t\t<a href=\"https:\/\/massivart.de\/magazin\/wohnzimmer-dekorieren-leicht-gemacht\/\">\n\t\t\t\tWohnzimmer dekorieren leicht gemacht\t\t\t<\/a>\n\t\t<\/h3>\n\t\t\t\t<div class=\"elementor-post__excerpt\">\n\t\t\t<p>Lassen Sie sich inspirieren und entdecken Sie, wie einfach es sein kann, ein echtes Wohlgef\u00fchl-Ambiente zu schaffen.<\/p>\n\t\t<\/div>\n\t\t\n\t\t<a class=\"elementor-post__read-more\" href=\"https:\/\/massivart.de\/magazin\/wohnzimmer-dekorieren-leicht-gemacht\/\" aria-label=\"Mehr \u00fcber Wohnzimmer dekorieren leicht gemacht\" tabindex=\"-1\">\n\t\t\tWeiterlesen \u00bb\t\t<\/a>\n\n\t\t\t\t<\/div>\n\t\t\t\t\t<\/div>\n\t\t<\/article>\n\t\t\t\t<\/div>\n\t\t\n\t\t\t\t\t\t<\/div>\n\t\t\t\t<\/div>\n\t\t\t\t\t<\/div>\n\t\t<\/div>\n\t\t\t\t\t<\/div>\n\t\t<\/section>\n\t\t\t\t<\/div>\n\t\t","protected":false},"excerpt":{"rendered":"","protected":false},"author":1,"featured_media":0,"parent":0,"menu_order":0,"comment_status":"closed","ping_status":"closed","template":"","meta":{"footnotes":""},"class_list":["post-105","page","type-page","status-publish","hentry"],"_links":{"self":[{"href":"https:\/\/massivart.de\/magazin\/wp-json\/wp\/v2\/pages\/105","targetHints":{"allow":["GET"]}}],"collection":[{"href":"https:\/\/massivart.de\/magazin\/wp-json\/wp\/v2\/pages"}],"about":[{"href":"https:\/\/massivart.de\/magazin\/wp-json\/wp\/v2\/types\/page"}],"author":[{"embeddable":true,"href":"https:\/\/massivart.de\/magazin\/wp-json\/wp\/v2\/users\/1"}],"replies":[{"embeddable":true,"href":"https:\/\/massivart.de\/magazin\/wp-json\/wp\/v2\/comments?post=105"}],"version-history":[{"count":43,"href":"https:\/\/massivart.de\/magazin\/wp-json\/wp\/v2\/pages\/105\/revisions"}],"predecessor-version":[{"id":3235,"href":"https:\/\/massivart.de\/magazin\/wp-json\/wp\/v2\/pages\/105\/revisions\/3235"}],"wp:attachment":[{"href":"https:\/\/massivart.de\/magazin\/wp-json\/wp\/v2\/media?parent=105"}],"curies":[{"name":"wp","href":"https:\/\/api.w.org\/{rel}","templated":true}]}}